{"id":1346506,"date":"2017-09-08T02:53:44","date_gmt":"2017-09-08T09:53:44","guid":{"rendered":"https:\/\/theeventscalendar.com\/support\/forums\/topic\/probleme-avec-affichage\/"},"modified":"2017-09-08T02:53:44","modified_gmt":"2017-09-08T09:53:44","slug":"probleme-avec-affichage","status":"closed","type":"topic","link":"https:\/\/theeventscalendar.com\/support\/forums\/topic\/probleme-avec-affichage\/","title":{"rendered":"probl\u00e8me avec affichage"},"content":{"rendered":"<p>Bonjour ; en utilisant votre shortcode [tribe_events view=&#8221;week&#8221;]<br \/>\nj&#8217;ai remarqu\u00e9 un petit souci au niveau de l&#8217;affichage du calendrier ( capture.png )<\/p>\n<p>je sais pas pourquoi j&#8217;ai un grand cadre blanc :\/<br \/>\nde plus je voulais savoir s&#8217;il \u00e9tait possible de r\u00e9duire la taille ( hauteur ) du calendrier ?<\/p>\n<p>merci \u00e0 vous<\/p>\n","protected":false},"template":"","class_list":["post-1346506","topic","type-topic","status-closed","hentry"],"yoast_head":"<!-- This site is optimized with the Yoast SEO plugin v25.2 - https:\/\/yoast.com\/wordpress\/plugins\/seo\/ -->\n<title>probl\u00e8me avec affichage -<\/title>\n<meta name=\"robots\" content=\"index, follow, max-snippet:-1, max-image-preview:large, max-video-preview:-1\" \/>\n<link rel=\"canonical\" href=\"https:\/\/theeventscalendar.com\/support\/forums\/topic\/probleme-avec-affichage\/\" \/>\n<meta property=\"og:locale\" content=\"en_US\" \/>\n<meta property=\"og:type\" content=\"article\" \/>\n<meta property=\"og:title\" content=\"probl\u00e8me avec affichage -\" \/>\n<meta property=\"og:description\" content=\"Bonjour ; en utilisant votre shortcode [tribe_events view=&#8221;week&#8221;] j&#8217;ai remarqu\u00e9 un petit souci au niveau de l&#8217;affichage du calendrier ( capture.png ) je sais pas pourquoi j&#8217;ai un grand cadre blanc :\/ de plus je voulais savoir s&#8217;il \u00e9tait possible de r\u00e9duire la taille ( hauteur ) du calendrier ? merci \u00e0 vous\" \/>\n<meta property=\"og:url\" content=\"https:\/\/theeventscalendar.com\/support\/forums\/topic\/probleme-avec-affichage\/\" \/>\n<meta name=\"twitter:card\" content=\"summary_large_image\" \/>\n<script type=\"application\/ld+json\" class=\"yoast-schema-graph\">{\"@context\":\"https:\/\/schema.org\",\"@graph\":[{\"@type\":\"WebPage\",\"@id\":\"https:\/\/theeventscalendar.com\/support\/forums\/topic\/probleme-avec-affichage\/\",\"url\":\"https:\/\/theeventscalendar.com\/support\/forums\/topic\/probleme-avec-affichage\/\",\"name\":\"probl\u00e8me avec affichage -\",\"isPartOf\":{\"@id\":\"https:\/\/theeventscalendar.com\/support\/#website\"},\"datePublished\":\"2017-09-08T09:53:44+00:00\",\"breadcrumb\":{\"@id\":\"https:\/\/theeventscalendar.com\/support\/forums\/topic\/probleme-avec-affichage\/#breadcrumb\"},\"inLanguage\":\"en-US\",\"potentialAction\":[{\"@type\":\"ReadAction\",\"target\":[\"https:\/\/theeventscalendar.com\/support\/forums\/topic\/probleme-avec-affichage\/\"]}]},{\"@type\":\"BreadcrumbList\",\"@id\":\"https:\/\/theeventscalendar.com\/support\/forums\/topic\/probleme-avec-affichage\/#breadcrumb\",\"itemListElement\":[{\"@type\":\"ListItem\",\"position\":1,\"name\":\"Home\",\"item\":\"https:\/\/theeventscalendar.com\/support\/\"},{\"@type\":\"ListItem\",\"position\":2,\"name\":\"Topics\",\"item\":\"https:\/\/theeventscalendar.com\/support\/topics\/\"},{\"@type\":\"ListItem\",\"position\":3,\"name\":\"Calendar Products\",\"item\":\"https:\/\/theeventscalendar.com\/support\/forums\/forum\/events\/\"},{\"@type\":\"ListItem\",\"position\":4,\"name\":\"Events Calendar PRO\",\"item\":\"https:\/\/theeventscalendar.com\/support\/forums\/forum\/events\/events-calendar-pro\/\"},{\"@type\":\"ListItem\",\"position\":5,\"name\":\"probl\u00e8me avec affichage\"}]},{\"@type\":\"WebSite\",\"@id\":\"https:\/\/theeventscalendar.com\/support\/#website\",\"url\":\"https:\/\/theeventscalendar.com\/support\/\",\"name\":\"\",\"description\":\"\",\"potentialAction\":[{\"@type\":\"SearchAction\",\"target\":{\"@type\":\"EntryPoint\",\"urlTemplate\":\"https:\/\/theeventscalendar.com\/support\/?s={search_term_string}\"},\"query-input\":{\"@type\":\"PropertyValueSpecification\",\"valueRequired\":true,\"valueName\":\"search_term_string\"}}],\"inLanguage\":\"en-US\"}]}<\/script>\n<!-- \/ Yoast SEO plugin. -->","yoast_head_json":{"title":"probl\u00e8me avec affichage -","robots":{"index":"index","follow":"follow","max-snippet":"max-snippet:-1","max-image-preview":"max-image-preview:large","max-video-preview":"max-video-preview:-1"},"canonical":"https:\/\/theeventscalendar.com\/support\/forums\/topic\/probleme-avec-affichage\/","og_locale":"en_US","og_type":"article","og_title":"probl\u00e8me avec affichage -","og_description":"Bonjour ; en utilisant votre shortcode [tribe_events view=&#8221;week&#8221;] j&#8217;ai remarqu\u00e9 un petit souci au niveau de l&#8217;affichage du calendrier ( capture.png ) je sais pas pourquoi j&#8217;ai un grand cadre blanc :\/ de plus je voulais savoir s&#8217;il \u00e9tait possible de r\u00e9duire la taille ( hauteur ) du calendrier ? merci \u00e0 vous","og_url":"https:\/\/theeventscalendar.com\/support\/forums\/topic\/probleme-avec-affichage\/","twitter_card":"summary_large_image","schema":{"@context":"https:\/\/schema.org","@graph":[{"@type":"WebPage","@id":"https:\/\/theeventscalendar.com\/support\/forums\/topic\/probleme-avec-affichage\/","url":"https:\/\/theeventscalendar.com\/support\/forums\/topic\/probleme-avec-affichage\/","name":"probl\u00e8me avec affichage -","isPartOf":{"@id":"https:\/\/theeventscalendar.com\/support\/#website"},"datePublished":"2017-09-08T09:53:44+00:00","breadcrumb":{"@id":"https:\/\/theeventscalendar.com\/support\/forums\/topic\/probleme-avec-affichage\/#breadcrumb"},"inLanguage":"en-US","potentialAction":[{"@type":"ReadAction","target":["https:\/\/theeventscalendar.com\/support\/forums\/topic\/probleme-avec-affichage\/"]}]},{"@type":"BreadcrumbList","@id":"https:\/\/theeventscalendar.com\/support\/forums\/topic\/probleme-avec-affichage\/#breadcrumb","itemListElement":[{"@type":"ListItem","position":1,"name":"Home","item":"https:\/\/theeventscalendar.com\/support\/"},{"@type":"ListItem","position":2,"name":"Topics","item":"https:\/\/theeventscalendar.com\/support\/topics\/"},{"@type":"ListItem","position":3,"name":"Calendar Products","item":"https:\/\/theeventscalendar.com\/support\/forums\/forum\/events\/"},{"@type":"ListItem","position":4,"name":"Events Calendar PRO","item":"https:\/\/theeventscalendar.com\/support\/forums\/forum\/events\/events-calendar-pro\/"},{"@type":"ListItem","position":5,"name":"probl\u00e8me avec affichage"}]},{"@type":"WebSite","@id":"https:\/\/theeventscalendar.com\/support\/#website","url":"https:\/\/theeventscalendar.com\/support\/","name":"","description":"","potentialAction":[{"@type":"SearchAction","target":{"@type":"EntryPoint","urlTemplate":"https:\/\/theeventscalendar.com\/support\/?s={search_term_string}"},"query-input":{"@type":"PropertyValueSpecification","valueRequired":true,"valueName":"search_term_string"}}],"inLanguage":"en-US"}]}},"_links":{"self":[{"href":"https:\/\/theeventscalendar.com\/support\/wp-json\/wp\/v2\/topic\/1346506","targetHints":{"allow":["GET"]}}],"collection":[{"href":"https:\/\/theeventscalendar.com\/support\/wp-json\/wp\/v2\/topic"}],"about":[{"href":"https:\/\/theeventscalendar.com\/support\/wp-json\/wp\/v2\/types\/topic"}],"version-history":[{"count":0,"href":"https:\/\/theeventscalendar.com\/support\/wp-json\/wp\/v2\/topic\/1346506\/revisions"}],"wp:attachment":[{"href":"https:\/\/theeventscalendar.com\/support\/wp-json\/wp\/v2\/media?parent=1346506"}],"curies":[{"name":"wp","href":"https:\/\/api.w.org\/{rel}","templated":true}]}}